{"id":271,"date":"2015-02-26T08:25:22","date_gmt":"2015-02-26T08:25:22","guid":{"rendered":"http:\/\/comnet2.compower.pl\/victoria\/?page_id=271"},"modified":"2025-08-27T14:49:51","modified_gmt":"2025-08-27T12:49:51","slug":"kwartalnik-spoldzielczy","status":"publish","type":"page","link":"https:\/\/www.smvictoria.pl\/?page_id=271","title":{"rendered":"Przetargi"},"content":{"rendered":"<p><a href=\"https:\/\/www.przetargi.egospodarka.pl\/zamawiajacy\/Spoldzielnia-Mieszkaniowa-VICTORIA.html\">Przetargi na portalu <strong>eGospodarka.pl<\/strong><\/a><br \/>\n<\/br><\/p>\n<ul style=\"list-style-type:none;line-height:24px;\" id=\"bake_post_recent\"><li><a href=\"https:\/\/www.smvictoria.pl\/?p=8728\"><b>Przetarg nieograniczony<\/b><\/a><p><small><img decoding=\"async\" src=\"https:\/\/www.smvictoria.pl\/wp-content\/plugins\/bake-posts\/images\/time.png\">&nbsp;16 kwietnia 2026<\/small>&nbsp;&nbsp;<\/p><p>Sp\u00f3\u0142dzielnia Mieszkaniowa \"Victoria\" w Krakowie og\u0142asza post\u0119powanie przetargowe:\r\n\r\n <a href=\"https:\/\/www.smvictoria.pl\/?p=8728#more-8728\" class=\"more-link\"><span aria-label=\"Czytaj dalej Przetarg nieograniczony\">(wi\u0119cej&hellip;)<\/span><\/a><\/p><\/li><li><a href=\"https:\/\/www.smvictoria.pl\/?p=8672\"><b>Przetarg nieograniczony<\/b><\/a><p><small><img decoding=\"async\" src=\"https:\/\/www.smvictoria.pl\/wp-content\/plugins\/bake-posts\/images\/time.png\">&nbsp;24 marca 2026<\/small>&nbsp;&nbsp;<\/p><p>Sp\u00f3\u0142dzielnia Mieszkaniowa \"Victoria\" w Krakowie og\u0142asza post\u0119powanie przetargowe:\r\n\r\n <a href=\"https:\/\/www.smvictoria.pl\/?p=8672#more-8672\" class=\"more-link\"><span aria-label=\"Czytaj dalej Przetarg nieograniczony\">(wi\u0119cej&hellip;)<\/span><\/a><\/p><\/li><li><a href=\"https:\/\/www.smvictoria.pl\/?p=8667\"><b>Przetarg nieograniczony<\/b><\/a><p><small><img decoding=\"async\" src=\"https:\/\/www.smvictoria.pl\/wp-content\/plugins\/bake-posts\/images\/time.png\">&nbsp;24 marca 2026<\/small>&nbsp;&nbsp;<\/p><p>Sp\u00f3\u0142dzielnia Mieszkaniowa \"Victoria\" w Krakowie og\u0142asza post\u0119powanie przetargowe:\r\n\r\n <a href=\"https:\/\/www.smvictoria.pl\/?p=8667#more-8667\" class=\"more-link\"><span aria-label=\"Czytaj dalej Przetarg nieograniczony\">(wi\u0119cej&hellip;)<\/span><\/a><\/p><\/li><li><a href=\"https:\/\/www.smvictoria.pl\/?p=8564\"><b>Przetarg nieograniczony<\/b><\/a><p><small><img decoding=\"async\" src=\"https:\/\/www.smvictoria.pl\/wp-content\/plugins\/bake-posts\/images\/time.png\">&nbsp;8 stycznia 2026<\/small>&nbsp;&nbsp;<\/p><p>Sp\u00f3\u0142dzielnia Mieszkaniowa \"Victoria\" w Krakowie og\u0142asza post\u0119powanie przetargowe:\r\n\r\n <a href=\"https:\/\/www.smvictoria.pl\/?p=8564#more-8564\" class=\"more-link\"><span aria-label=\"Czytaj dalej Przetarg nieograniczony\">(wi\u0119cej&hellip;)<\/span><\/a><\/p><\/li><li><a href=\"https:\/\/www.smvictoria.pl\/?p=8284\"><b>Przetarg nieograniczony<\/b><\/a><p><small><img decoding=\"async\" src=\"https:\/\/www.smvictoria.pl\/wp-content\/plugins\/bake-posts\/images\/time.png\">&nbsp;31 grudnia 2025<\/small>&nbsp;&nbsp;<\/p><p>Sp\u00f3\u0142dzielnia Mieszkaniowa \"Victoria\" w Krakowie og\u0142asza post\u0119powanie przetargowe:\r\n\r\n <a href=\"https:\/\/www.smvictoria.pl\/?p=8284#more-8284\" class=\"more-link\"><span aria-label=\"Czytaj dalej Przetarg nieograniczony\">(wi\u0119cej&hellip;)<\/span><\/a><\/p><\/li><li><a href=\"https:\/\/www.smvictoria.pl\/?p=8421\"><b>Przetarg nieograniczony<\/b><\/a><p><small><img decoding=\"async\" src=\"https:\/\/www.smvictoria.pl\/wp-content\/plugins\/bake-posts\/images\/time.png\">&nbsp;14 listopada 2025<\/small>&nbsp;&nbsp;<\/p><p><b>Sp\u00f3\u0142dzielnia Mieszkaniowa \u201eVictoria\u201d z siedzib\u0105 w Krakowie na os. Ko\u015bciuszkowskim 5<\/b> <strong>og\u0142asza, <\/strong>i\u017c w wyniku przetargu nieograniczonego na \u015bwiadczenia kompleksowych us\u0142ug polegaj\u0105cych na utrzymaniu porz\u0105dku, oraz czysto\u015bci budynk\u00f3w i teren\u00f3w zewn\u0119trznych nieruchomo\u015bci nr 37 i 38 os. Alberty\u0144skie w Krakowie na lata 2026-2029 r.wy\u0142oniono najkorzystniejsz\u0105 ofert\u0119 firmy: <strong>Sprz\u0105tamy.eu Sp. z o.o. ul. Jaworowa 16\/A 32-020 Wieliczka.<\/strong>\r\n\r\n <a href=\"https:\/\/www.smvictoria.pl\/?p=8421#more-8421\" class=\"more-link\"><span aria-label=\"Czytaj dalej Przetarg nieograniczony\">(wi\u0119cej&hellip;)<\/span><\/a><\/p><\/li><li><a href=\"https:\/\/www.smvictoria.pl\/?p=8378\"><b>Przetarg nieograniczony<\/b><\/a><p><small><img decoding=\"async\" src=\"https:\/\/www.smvictoria.pl\/wp-content\/plugins\/bake-posts\/images\/time.png\">&nbsp;10 pa\u017adziernika 2025<\/small>&nbsp;&nbsp;<\/p><p><b>Sp\u00f3\u0142dzielnia Mieszkaniowa \u201eVictoria\u201d w Krakowie<\/b> informuje, i\u017c w wyniku przetargu na Ubezpieczenie maj\u0105tku i odpowiedzialno\u015bci cywilnej Sp\u00f3\u0142dzielni Mieszkaniowej \u201eVictoria\u201d wybrano najkorzystniejsz\u0105 ofert\u0119, z\u0142o\u017con\u0105 przez wykonawc\u0119:\r\n\r\n<strong>TUZ Ubezpieczenia Towarzystwo Ubezpiecze\u0144 Sp\u00f3\u0142ka Akcyjna<\/strong>\r\n<strong>(dawniej TUZ Towarzystwo Ubezpiecze\u0144 Wzajemnych)<\/strong>\r\n<strong>ul. Domaniewska 41, 02-672 Warszawa<\/strong>\r\n<strong>NIP: 1070048082, REGON: 542947783<\/strong>\r\n\r\n <a href=\"https:\/\/www.smvictoria.pl\/?p=8378#more-8378\" class=\"more-link\"><span aria-label=\"Czytaj dalej Przetarg nieograniczony\">(wi\u0119cej&hellip;)<\/span><\/a><\/p><\/li><li><a href=\"https:\/\/www.smvictoria.pl\/?p=8252\"><b>Przetarg nieograniczony<\/b><\/a><p><small><img decoding=\"async\" src=\"https:\/\/www.smvictoria.pl\/wp-content\/plugins\/bake-posts\/images\/time.png\">&nbsp;25 lipca 2025<\/small>&nbsp;&nbsp;<\/p><p><p align=\"justify\">Sp\u00f3\u0142dzielnia Mieszkaniowa \u201eVictoria\u201d informuje, i\u017c w wyniku przetargu wy\u0142oniono najkorzystniejsz\u0105 ofert\u0119 firmy PAKO Eugeniusz Milko Ul. Siewna 4 58-573 Piechowice dot. <strong>Pi\u0119cioletnie Przegl\u0105dy instalacji elektrycznych i odgromowych budynk\u00f3w mieszkalnych w zasobach Sp\u00f3\u0142dzielni.<\/strong><\/p>\r\n<p align=\"justify\"><strong>Remont pasa podrynnowego os. Alberty\u0144skie 38 (klatki 1 i 6) i remont dachu os. Dywizjonu 303 gara\u017ce zesp\u00f3\u0142 nr 2 (nad gara\u017cami 56-64) w Krakowie&nbsp;<\/strong>brak ofert, przetarg uniewa\u017cniony.<\/p>\r\n<p align=\"justify\"> <a href=\"https:\/\/www.smvictoria.pl\/?p=8252#more-8252\" class=\"more-link\"><span aria-label=\"Czytaj dalej Przetarg nieograniczony\">(wi\u0119cej&hellip;)<\/span><\/a><\/p><\/p><\/li><li><a href=\"https:\/\/www.smvictoria.pl\/?p=8199\"><b>Przetarg nieograniczony<\/b><\/a><p><small><img decoding=\"async\" src=\"https:\/\/www.smvictoria.pl\/wp-content\/plugins\/bake-posts\/images\/time.png\">&nbsp;11 czerwca 2025<\/small>&nbsp;&nbsp;<\/p><p><strong>Sp\u00f3\u0142dzielnia Mieszkaniowa \u201eVictoria\u201d w Krakowie <\/strong>og\u0142asza przetarg nieograniczony na nast\u0119puj\u0105ce roboty:\r\n<ol>\r\n \t<li>remont pasa podrynnowego os. Alberty\u0144skie 38 (klatki 1 i 6) w Krakowie,<\/li>\r\n \t<li>remont dachu os. Dywizjonu 303 gara\u017ce zesp\u00f3\u0142 nr 2 (nad gara\u017cami 56-64) w Krakowie.<\/li>\r\n<\/ol>\r\n <a href=\"https:\/\/www.smvictoria.pl\/?p=8199#more-8199\" class=\"more-link\"><span aria-label=\"Czytaj dalej Przetarg nieograniczony\">(wi\u0119cej&hellip;)<\/span><\/a><\/p><\/li><li><a href=\"https:\/\/www.smvictoria.pl\/?p=8178\"><b>Przetarg nieograniczony<\/b><\/a><p><small><img decoding=\"async\" src=\"https:\/\/www.smvictoria.pl\/wp-content\/plugins\/bake-posts\/images\/time.png\">&nbsp;3 czerwca 2025<\/small>&nbsp;&nbsp;<\/p><p>Sp\u00f3\u0142dzielnia Mieszkaniowa \u201eVictoria\u201d informuje, i\u017c w wyniku przetargu wy\u0142oniono najkorzystniejsz\u0105 ofert\u0119 :\r\n\r\nDocieplenie stropodach\u00f3w w budynkach os. Kolorowe 43, 44, 45 w Krakowie, z\u0142o\u017con\u0105 przez \"Aw - Term\" Aneta Wolska ul.Kosmonaut\u00f3w3 26, 41- 250 Czelad\u017a.\r\n\r\n <a href=\"https:\/\/www.smvictoria.pl\/?p=8178#more-8178\" class=\"more-link\"><span aria-label=\"Czytaj dalej Przetarg nieograniczony\">(wi\u0119cej&hellip;)<\/span><\/a><\/p><\/li><li><a href=\"https:\/\/www.smvictoria.pl\/?p=8146\"><b>Przetarg nieograniczony<\/b><\/a><p><small><img decoding=\"async\" src=\"https:\/\/www.smvictoria.pl\/wp-content\/plugins\/bake-posts\/images\/time.png\">&nbsp;16 maja 2025<\/small>&nbsp;&nbsp;<\/p><p>Sp\u00f3\u0142dzielnia Mieszkaniowa ,,Victoria\u201d informuje, i\u017c w wyniku przetargu wy\u0142oniono najkorzystniejsz\u0105 ofert\u0119 z\u0142o\u017con\u0105 przez firm\u0119: CZYSTOPRO Sp. z o.o., ul. Henryka i Karola Czecz\u00f3w 48\/48, 30-798 Krak\u00f3w.\r\n\r\nSp\u00f3\u0142dzielnia Mieszkaniowa ,,Victoria\u201d z siedzib\u0105 w Krakowie na os. Ko\u015bciuszkowskim 5<strong> og\u0142asza przetarg nieograniczony na<\/strong> <strong>\u015bwiadczenie kompleksowych us\u0142ug polegaj\u0105cych\r\nna utrzymaniu porz\u0105dku i czysto\u015bci budynk\u00f3w oraz&nbsp; terenu zewn\u0119trznego nieruchomo\u015bci nr 14, 21, 34, 35 os. Alberty\u0144skie w Krakowie.<\/strong>\r\n\r\n <a href=\"https:\/\/www.smvictoria.pl\/?p=8146#more-8146\" class=\"more-link\"><span aria-label=\"Czytaj dalej Przetarg nieograniczony\">(wi\u0119cej&hellip;)<\/span><\/a><\/p><\/li><li><a href=\"https:\/\/www.smvictoria.pl\/?p=8114\"><b>Przetarg nieograniczony<\/b><\/a><p><small><img decoding=\"async\" src=\"https:\/\/www.smvictoria.pl\/wp-content\/plugins\/bake-posts\/images\/time.png\">&nbsp;14 kwietnia 2025<\/small>&nbsp;&nbsp;<\/p><p><p align=\"justify\"><span style=\"font-size: medium;\"><b>Sp\u00f3\u0142dzielnia Mieszkaniowa \u201eVictoria\u201d w Krakowie <\/b><\/span><span style=\"font-size: medium;\">og\u0142asza przetarg nieograniczony na nast\u0119puj\u0105ce roboty:<\/span><\/p>\r\n<p align=\"justify\"><span style=\"font-size: large;\">Renowacja elewacji budynk\u00f3w os. Niepodleg\u0142o\u015bci 15, 18, os. Alberty\u0144skie 34, 38 w Krakowie.<\/span><\/p>\r\n<p align=\"justify\"> <a href=\"https:\/\/www.smvictoria.pl\/?p=8114#more-8114\" class=\"more-link\"><span aria-label=\"Czytaj dalej Przetarg nieograniczony\">(wi\u0119cej&hellip;)<\/span><\/a><\/p><\/p><\/li><li><a href=\"https:\/\/www.smvictoria.pl\/?p=8052\"><b>Przetarg nieograniczony<\/b><\/a><p><small><img decoding=\"async\" src=\"https:\/\/www.smvictoria.pl\/wp-content\/plugins\/bake-posts\/images\/time.png\">&nbsp;25 marca 2025<\/small>&nbsp;&nbsp;<\/p><p><strong>Sp\u00f3\u0142dzielnia Mieszkaniowa \u201eVictoria\u201d w Krakowie <\/strong>og\u0142asza przetargi nieograniczone na nast\u0119puj\u0105ce roboty:\r\n<ol>\r\n \t<li>Remont nawierzchni asfaltowych os. Niepodleg\u0142o\u015bci, os. Alberty\u0144skie 38, os. Dywizjonu 303 w Krakowie.<\/li>\r\n \t<li>Prace brukarskie os. Niepodleg\u0142o\u015bci 6 w Krakowie.<\/li>\r\n \t<li>Wiaty \u015bmietnikowe os. Niepodleg\u0142o\u015bci 6 w Krakowie.<\/li>\r\n<\/ol>\r\n <a href=\"https:\/\/www.smvictoria.pl\/?p=8052#more-8052\" class=\"more-link\"><span aria-label=\"Czytaj dalej Przetarg nieograniczony\">(wi\u0119cej&hellip;)<\/span><\/a><\/p><\/li><li><a href=\"https:\/\/www.smvictoria.pl\/?p=8009\"><b>Przetarg nieograniczony<\/b><\/a><p><small><img decoding=\"async\" src=\"https:\/\/www.smvictoria.pl\/wp-content\/plugins\/bake-posts\/images\/time.png\">&nbsp;3 lutego 2025<\/small>&nbsp;&nbsp;<\/p><p>Sp\u00f3\u0142dzielnia Mieszkaniowa \u201eVictoria\u201d informuje, i\u017c w wyniku przetargu wy\u0142oniono najkorzystniejsz\u0105 ofert\u0119 z\u0142o\u017con\u0105 przez Firm\u0119 CleanTex Sp.z o.o. Aleja Kijowska 57\/LU8, 30-079 Krak\u00f3w\r\n\r\n <a href=\"https:\/\/www.smvictoria.pl\/?p=8009#more-8009\" class=\"more-link\"><span aria-label=\"Czytaj dalej Przetarg nieograniczony\">(wi\u0119cej&hellip;)<\/span><\/a><\/p><\/li><li><a href=\"https:\/\/www.smvictoria.pl\/?p=7997\"><b>Przetarg nieograniczony<\/b><\/a><p><small><img decoding=\"async\" src=\"https:\/\/www.smvictoria.pl\/wp-content\/plugins\/bake-posts\/images\/time.png\">&nbsp;28 stycznia 2025<\/small>&nbsp;&nbsp;<\/p><p>Sp\u00f3\u0142dzielnia Mieszkaniowa \u201eVictoria\u201d informuje, i\u017c w wyniku przetargu wy\u0142oniono najkorzystniejsze oferty :\r\n\r\nMalowanie klatek schodowych , z\u0142o\u017con\u0105 przez P.U.\"EKO-KOLOR\" Janusz Hardek ul.R\u00f3\u017cana 26, 32-051 Ja\u015bkowice.\r\n\r\nWymiana wodomierzy, z\u0142o\u017con\u0105 przez PLUS AQUA Instalacje ul.Konecznego 6\/11U, 31-216 Krak\u00f3w <a href=\"https:\/\/www.smvictoria.pl\/?p=7997#more-7997\" class=\"more-link\"><span aria-label=\"Czytaj dalej Przetarg nieograniczony\">(wi\u0119cej&hellip;)<\/span><\/a><\/p><\/li><li><a href=\"https:\/\/www.smvictoria.pl\/?p=7970\"><b>Przetarg nieograniczony<\/b><\/a><p><small><img decoding=\"async\" src=\"https:\/\/www.smvictoria.pl\/wp-content\/plugins\/bake-posts\/images\/time.png\">&nbsp;22 stycznia 2025<\/small>&nbsp;&nbsp;<\/p><p><span style=\"text-decoration: underline;\"><strong>Informacja o wyborze wykonawcy<\/strong> <strong>na<\/strong> <strong>wykonanie us\u0142ugi kominiarskiej.<\/strong><\/span>\r\n\r\nW wyniku post\u0119powania przetargowego dotycz\u0105cego wykonania przegl\u0105d\u00f3w okresowych instalacji gazowych oraz kontroli przewod\u00f3w kominowych, informujemy, \u017ce po ponownej analizie z\u0142o\u017conych ofert, <strong>do realizacji zam\u00f3wienia wybrano firm\u0119:<\/strong>\r\n\r\n<strong>Zak\u0142ad Us\u0142ug Technicznych Interhammer GAZ<\/strong>\r\nul. Graniczna 53\/28, 40-018 Katowice\r\n\r\n<strong>Uzasadnienie wyboru<\/strong>\r\n\r\nOferta ww. Wykonawcy zosta\u0142a pierwotnie <strong>odrzucona z uwagi na podanie jednej ceny jednostkowej<\/strong> w brzmieniu:\r\n\r\n\u201ekontrola przewod\u00f3w kominowych w odniesieniu do jednego lokalu brutto: 20,91 z\u0142\u201d.\r\n\r\nNie umo\u017cliwiono Wykonawcy z\u0142o\u017cenia wyja\u015bnie\u0144 ani dokonania korekty oferty w zakresie uznanym za \u201eoczywist\u0105 omy\u0142k\u0119 pisarsk\u0105\u201d, zgodnie z \u00a7 13 Regulaminu organizowania zam\u00f3wie\u0144 na roboty budowlane (...), pkt 2f, kt\u00f3ry dopuszcza popraw\u0119 takich omy\u0142ek.\r\n\r\nW toku ponownej analizy post\u0119powania stwierdzono, \u017ce tre\u015b\u0107 oferty umo\u017cliwia\u0142a jednoznaczne ustalenie intencji Wykonawcy, a b\u0142\u0105d mia\u0142 charakter formalny, nie wp\u0142ywaj\u0105cy na merytoryczn\u0105 ocen\u0119 oferty.\r\n\r\nW mi\u0119dzyczasie, jako najkorzystniejsza formalnie, zosta\u0142a wskazana oferta firmy:\r\n\r\n<strong>Zak\u0142ad Us\u0142ug Kominiarskich Andrzej Sietner<\/strong>, Osiedle O\u015bwiecenia 55, 31-636 Krak\u00f3w, kt\u00f3ra zosta\u0142a zaproszona do podpisania umowy <strong>jednak odm\u00f3wi\u0142a jej podpisania.<\/strong>\r\n\r\nPo przeprowadzeniu rozm\u00f3w negocjacyjnych z firm\u0105 <strong>Zak\u0142ad Us\u0142ug Technicznych Interhammer GAZ<\/strong>, Wykonawca przedstawi\u0142 <strong>ofert\u0119 \u0142\u0105czn\u0105<\/strong> obejmuj\u0105c\u0105 zar\u00f3wno przegl\u0105dy gazowe, jak i kominiarskie, w spos\u00f3b przejrzysty dla mieszka\u0144c\u00f3w tym samym obni\u017caj\u0105c cen\u0119 ca\u0142ej us\u0142ugi\r\nw stosunku do dotychczasowej swojej oferty jak i ofert konkurencyjnych.\r\n\r\nZaproponowane przez Interhammer GAZ warunki zapewniaj\u0105:\r\n<ul>\r\n \t<li>przejrzysto\u015b\u0107 i prostot\u0119 realizacji us\u0142ug dla mieszka\u0144c\u00f3w,<\/li>\r\n \t<li>korzystniejsz\u0105 \u0142\u0105czn\u0105 cen\u0119 dla mieszka\u0144ca,<\/li>\r\n \t<li>zachowanie ci\u0105g\u0142o\u015bci i bezpiecze\u0144stwa eksploatacji instalacji gazowych i kominowych,<\/li>\r\n \t<li>mo\u017cliwo\u015b\u0107 niezw\u0142ocznego rozpocz\u0119cia realizacji zgodnie z terminami ustawowymi.<\/li>\r\n<\/ul>\r\nMaj\u0105c na uwadze powy\u017csze, a tak\u017ce konieczno\u015b\u0107 <strong>operatywnego wy\u0142onienia wykonawcy w celu zapewnienia bezpiecze\u0144stwa mieszka\u0144com<\/strong>, <strong>podj\u0119to decyzj\u0119 o wyborze oferty firmy Zak\u0142ad Us\u0142ug Technicznych Interhammer GAZ<\/strong> jako najkorzystniejszej ekonomicznie i organizacyjnie.\r\n\r\n <a href=\"https:\/\/www.smvictoria.pl\/?p=7970#more-7970\" class=\"more-link\"><span aria-label=\"Czytaj dalej Przetarg nieograniczony\">(wi\u0119cej&hellip;)<\/span><\/a><\/p><\/li><li><a href=\"https:\/\/www.smvictoria.pl\/?p=7964\"><b>Przetarg nieograniczony<\/b><\/a><p><small><img decoding=\"async\" src=\"https:\/\/www.smvictoria.pl\/wp-content\/plugins\/bake-posts\/images\/time.png\">&nbsp;15 stycznia 2025<\/small>&nbsp;&nbsp;<\/p><p>Sp\u00f3\u0142dzielnia Mieszkaniowa \u201eVictoria\u201d informuje, i\u017c w wyniku przetargu wy\u0142oniono najkorzystniejsz\u0105 ofert\u0119 z\u0142o\u017con\u0105 przez Firm\u0119 Patryk Kruszyna Raciborsko 108, 32-020 Wieliczka.\r\n\r\n <a href=\"https:\/\/www.smvictoria.pl\/?p=7964#more-7964\" class=\"more-link\"><span aria-label=\"Czytaj dalej Przetarg nieograniczony\">(wi\u0119cej&hellip;)<\/span><\/a><\/p><\/li><li><a href=\"https:\/\/www.smvictoria.pl\/?p=7903\"><b>Przetarg nieograniczony<\/b><\/a><p><small><img decoding=\"async\" src=\"https:\/\/www.smvictoria.pl\/wp-content\/plugins\/bake-posts\/images\/time.png\">&nbsp;23 grudnia 2024<\/small>&nbsp;&nbsp;<\/p><p>Sp\u00f3\u0142dzielnia Mieszkaniowa \"Victoria\" informuje, i\u017c w wyniku przetargu wy\u0142oniono najkorzystniejsz\u0105 ofert\u0119 z\u0142o\u017con\u0105 przez Firm\u0119 Patryk Kruszyna Raciborsko 108, 32-020 Wieliczka.\r\n\r\n <a href=\"https:\/\/www.smvictoria.pl\/?p=7903#more-7903\" class=\"more-link\"><span aria-label=\"Czytaj dalej Przetarg nieograniczony\">(wi\u0119cej&hellip;)<\/span><\/a><\/p><\/li><\/ul>\n<div class=\"su-spoiler su-spoiler-style-default su-spoiler-icon-folder-2 su-spoiler-closed\" data-scroll-offset=\"0\" data-anchor-in-url=\"no\"><div class=\"su-spoiler-title\" tabindex=\"0\" role=\"button\"><span class=\"su-spoiler-icon\"><\/span>Przetargi w 2024 roku<\/div><div class=\"su-spoiler-content su-u-clearfix su-u-trim\">\n<table width=\"100%\" style=\"margin-bottom: 10px\">\r\n  <tr>\r\n    <td width=\"40\" style=\"vertical-align:top; padding-top: 3px;\"><img decoding=\"async\" src=\"https:\/\/www.smvictoria.pl\/wp-content\/uploads\/2015\/02\/pdf.png\" style=\"vertical-align:middle;\" \/><\/td>\r\n    <td><pdf-tytul><a href=\"https:\/\/www.smvictoria.pl\/?wpfb_dl=2426\">Wyniki Przetarg\u00f3w Z Dnia 27.09.2024 R.<\/a><\/pdf-tytul><\/td>\r\n  <\/tr>\r\n<\/table>\n<table width=\"100%\" style=\"margin-bottom: 10px\">\r\n  <tr>\r\n    <td width=\"40\" style=\"vertical-align:top; padding-top: 3px;\"><img decoding=\"async\" src=\"https:\/\/www.smvictoria.pl\/wp-content\/uploads\/2015\/02\/pdf.png\" style=\"vertical-align:middle;\" \/><\/td>\r\n    <td><pdf-tytul><a href=\"https:\/\/www.smvictoria.pl\/?wpfb_dl=2318\">Wyniki przetarg\u00f3w na roboty budowlane z dnia 10.04.2024<\/a><\/pdf-tytul><\/td>\r\n  <\/tr>\r\n<\/table>\n<table width=\"100%\" style=\"margin-bottom: 10px\">\r\n  <tr>\r\n    <td width=\"40\" style=\"vertical-align:top; padding-top: 3px;\"><img decoding=\"async\" src=\"https:\/\/www.smvictoria.pl\/wp-content\/uploads\/2015\/02\/pdf.png\" style=\"vertical-align:middle;\" \/><\/td>\r\n    <td><pdf-tytul><a href=\"https:\/\/www.smvictoria.pl\/?wpfb_dl=2319\">Wyniki przetarg\u00f3w na roboty budowlane z dnia 27.03.2024<\/a><\/pdf-tytul><\/td>\r\n  <\/tr>\r\n<\/table>\n<table width=\"100%\" style=\"margin-bottom: 10px\">\r\n  <tr>\r\n    <td width=\"40\" style=\"vertical-align:top; padding-top: 3px;\"><img decoding=\"async\" src=\"https:\/\/www.smvictoria.pl\/wp-content\/uploads\/2015\/02\/pdf.png\" style=\"vertical-align:middle;\" \/><\/td>\r\n    <td><pdf-tytul><a href=\"https:\/\/www.smvictoria.pl\/?wpfb_dl=2464\">Przetarg Nieograniczony Na Kompleksow\u0105 Obs\u0142ug\u0119 Prawn\u0105<\/a><\/pdf-tytul><\/td>\r\n  <\/tr>\r\n<\/table>\n<table width=\"100%\" style=\"margin-bottom: 10px\">\r\n  <tr>\r\n    <td width=\"40\" style=\"vertical-align:top; padding-top: 3px;\"><img decoding=\"async\" src=\"https:\/\/www.smvictoria.pl\/wp-content\/uploads\/2015\/02\/pdf.png\" style=\"vertical-align:middle;\" \/><\/td>\r\n    <td><pdf-tytul><a href=\"https:\/\/www.smvictoria.pl\/?wpfb_dl=2468\">Swz Albertynskie 38<\/a><\/pdf-tytul><\/td>\r\n  <\/tr>\r\n<\/table>\n<table width=\"100%\" style=\"margin-bottom: 10px\">\r\n  <tr>\r\n    <td width=\"40\" style=\"vertical-align:top; padding-top: 3px;\"><img decoding=\"async\" src=\"https:\/\/www.smvictoria.pl\/wp-content\/uploads\/2015\/02\/pdf.png\" style=\"vertical-align:middle;\" \/><\/td>\r\n    <td><pdf-tytul><a href=\"https:\/\/www.smvictoria.pl\/?wpfb_dl=2467\">SWZ Wykonanie Projektu Uzyskanie Pozwolenia Na Budow\u0119 Przebudowy Szyb\u00f3w Windowych W Trybie Zaprojektuj I Wykonaj<\/a><\/pdf-tytul><\/td>\r\n  <\/tr>\r\n<\/table>\n<table width=\"100%\" style=\"margin-bottom: 10px\">\r\n  <tr>\r\n    <td width=\"40\" style=\"vertical-align:top; padding-top: 3px;\"><img decoding=\"async\" src=\"https:\/\/www.smvictoria.pl\/wp-content\/uploads\/2015\/02\/pdf.png\" style=\"vertical-align:middle;\" \/><\/td>\r\n    <td><pdf-tytul><a href=\"https:\/\/www.smvictoria.pl\/?wpfb_dl=2466\">SWZ Kompleksowe Ubezpieczenie SM VICTORIA<\/a><\/pdf-tytul><\/td>\r\n  <\/tr>\r\n<\/table>\n<table width=\"100%\" style=\"margin-bottom: 10px\">\r\n  <tr>\r\n    <td width=\"40\" style=\"vertical-align:top; padding-top: 3px;\"><img decoding=\"async\" src=\"https:\/\/www.smvictoria.pl\/wp-content\/uploads\/2015\/02\/pdf.png\" style=\"vertical-align:middle;\" \/><\/td>\r\n    <td><pdf-tytul><a href=\"https:\/\/www.smvictoria.pl\/?wpfb_dl=2410\">S  W  Z - Albert  17,19,37,38 - Monta\u017c Szlaban\u00f3w II<\/a><\/pdf-tytul><\/td>\r\n  <\/tr>\r\n<\/table>\n<table width=\"100%\" style=\"margin-bottom: 10px\">\r\n  <tr>\r\n    <td width=\"40\" style=\"vertical-align:top; padding-top: 3px;\"><img decoding=\"async\" src=\"https:\/\/www.smvictoria.pl\/wp-content\/uploads\/2015\/02\/pdf.png\" style=\"vertical-align:middle;\" \/><\/td>\r\n    <td><pdf-tytul><a href=\"https:\/\/www.smvictoria.pl\/?wpfb_dl=2361\">Wykonanie monitoringu budynku os. Niepodleg\u0142o\u015bci 5 w Krakowie<\/a><\/pdf-tytul><\/td>\r\n  <\/tr>\r\n<\/table>\n<table width=\"100%\" style=\"margin-bottom: 10px\">\r\n  <tr>\r\n    <td width=\"40\" style=\"vertical-align:top; padding-top: 3px;\"><img decoding=\"async\" src=\"https:\/\/www.smvictoria.pl\/wp-content\/uploads\/2015\/02\/pdf.png\" style=\"vertical-align:middle;\" \/><\/td>\r\n    <td><pdf-tytul><a href=\"https:\/\/www.smvictoria.pl\/?wpfb_dl=2337\">SWZ_02 Renowacja elewacji os. Kolorowe 8 w Krakowie<\/a><\/pdf-tytul><\/td>\r\n  <\/tr>\r\n<\/table>\n<table width=\"100%\" style=\"margin-bottom: 10px\">\r\n  <tr>\r\n    <td width=\"40\" style=\"vertical-align:top; padding-top: 3px;\"><img decoding=\"async\" src=\"https:\/\/www.smvictoria.pl\/wp-content\/uploads\/2015\/02\/pdf.png\" style=\"vertical-align:middle;\" \/><\/td>\r\n    <td><pdf-tytul><a href=\"https:\/\/www.smvictoria.pl\/?wpfb_dl=2336\">SWZ_03 Wykonanie projektu i uzyskanie pozwolenia na budow\u0119 przebudowy szyb\u00f3w windowych wraz z wykonaniem przebudowy os. Alberty\u0144skie 21 i 30 w Krakowie<\/a><\/pdf-tytul><\/td>\r\n  <\/tr>\r\n<\/table>\n<table width=\"100%\" style=\"margin-bottom: 10px\">\r\n  <tr>\r\n    <td width=\"40\" style=\"vertical-align:top; padding-top: 3px;\"><img decoding=\"async\" src=\"https:\/\/www.smvictoria.pl\/wp-content\/uploads\/2015\/02\/pdf.png\" style=\"vertical-align:middle;\" \/><\/td>\r\n    <td><pdf-tytul><a href=\"https:\/\/www.smvictoria.pl\/?wpfb_dl=2335\">SWZ_04 Remont dachu wymiana pasa podrynnowego os. Ko\u015bciuszkowskie 9 w Krakowie<\/a><\/pdf-tytul><\/td>\r\n  <\/tr>\r\n<\/table>\n<table width=\"100%\" style=\"margin-bottom: 10px\">\r\n  <tr>\r\n    <td width=\"40\" style=\"vertical-align:top; padding-top: 3px;\"><img decoding=\"async\" src=\"https:\/\/www.smvictoria.pl\/wp-content\/uploads\/2015\/02\/pdf.png\" style=\"vertical-align:middle;\" \/><\/td>\r\n    <td><pdf-tytul><a href=\"https:\/\/www.smvictoria.pl\/?wpfb_dl=2334\">SWZ_01 Remont dachu os. Sp\u00f3\u0142dzielcze 13 w Krakowie<\/a><\/pdf-tytul><\/td>\r\n  <\/tr>\r\n<\/table>\n<table width=\"100%\" style=\"margin-bottom: 10px\">\r\n  <tr>\r\n    <td width=\"40\" style=\"vertical-align:top; padding-top: 3px;\"><img decoding=\"async\" src=\"https:\/\/www.smvictoria.pl\/wp-content\/uploads\/2015\/02\/pdf.png\" style=\"vertical-align:middle;\" \/><\/td>\r\n    <td><pdf-tytul><a href=\"https:\/\/www.smvictoria.pl\/?wpfb_dl=2249\">SWZ 01-Malowanie klatek schodowych w budynkach os. Niepodleg\u0142o\u015bci 9, os. Kolorowe 11a, os. Ko\u015bciuszkowskie 6 w Krakowie<\/a><\/pdf-tytul><\/td>\r\n  <\/tr>\r\n<\/table>\n<table width=\"100%\" style=\"margin-bottom: 10px\">\r\n  <tr>\r\n    <td width=\"40\" style=\"vertical-align:top; padding-top: 3px;\"><img decoding=\"async\" src=\"https:\/\/www.smvictoria.pl\/wp-content\/uploads\/2015\/02\/pdf.png\" style=\"vertical-align:middle;\" \/><\/td>\r\n    <td><pdf-tytul><a href=\"https:\/\/www.smvictoria.pl\/?wpfb_dl=2248\">SWZ 03- Prace brukarskie pod nowe altany \u015bmietnikowe przy budynkach os. Niepodleg\u0142o\u015bci 7, 8, 17, 18 w Krakowie<\/a><\/pdf-tytul><\/td>\r\n  <\/tr>\r\n<\/table>\n<table width=\"100%\" style=\"margin-bottom: 10px\">\r\n  <tr>\r\n    <td width=\"40\" style=\"vertical-align:top; padding-top: 3px;\"><img decoding=\"async\" src=\"https:\/\/www.smvictoria.pl\/wp-content\/uploads\/2015\/02\/pdf.png\" style=\"vertical-align:middle;\" \/><\/td>\r\n    <td><pdf-tytul><a href=\"https:\/\/www.smvictoria.pl\/?wpfb_dl=2246\">SWZ 05- Ocieplenie coko\u0142u i remont opaski wok\u00f3\u0142 budynku os. Niepodleg\u0142o\u015bci 7 w Krakowie<\/a><\/pdf-tytul><\/td>\r\n  <\/tr>\r\n<\/table>\n<table width=\"100%\" style=\"margin-bottom: 10px\">\r\n  <tr>\r\n    <td width=\"40\" style=\"vertical-align:top; padding-top: 3px;\"><img decoding=\"async\" src=\"https:\/\/www.smvictoria.pl\/wp-content\/uploads\/2015\/02\/pdf.png\" style=\"vertical-align:middle;\" \/><\/td>\r\n    <td><pdf-tytul><a href=\"https:\/\/www.smvictoria.pl\/?wpfb_dl=2244\">SWZ 02- Docieplenie stropodachu granulatem we\u0142ny mineralnej grub. 20 cm os. Kolorowe 44 w Krakowie <\/a><\/pdf-tytul><\/td>\r\n  <\/tr>\r\n<\/table>\n<table width=\"100%\" style=\"margin-bottom: 10px\">\r\n  <tr>\r\n    <td width=\"40\" style=\"vertical-align:top; padding-top: 3px;\"><img decoding=\"async\" src=\"https:\/\/www.smvictoria.pl\/wp-content\/uploads\/2015\/02\/pdf.png\" style=\"vertical-align:middle;\" \/><\/td>\r\n    <td><pdf-tytul><a href=\"https:\/\/www.smvictoria.pl\/?wpfb_dl=2243\">SWZ 04- Wykonanie i monta\u017c wiat \u015bmietnikowych przy budynkach os. Niepodleg\u0142o\u015bci 7, 8, 17, 18 w Krakowie<\/a><\/pdf-tytul><\/td>\r\n  <\/tr>\r\n<\/table>\n<table width=\"100%\" style=\"margin-bottom: 10px\">\r\n  <tr>\r\n    <td width=\"40\" style=\"vertical-align:top; padding-top: 3px;\"><img decoding=\"async\" src=\"https:\/\/www.smvictoria.pl\/wp-content\/uploads\/2015\/02\/pdf.png\" style=\"vertical-align:middle;\" \/><\/td>\r\n    <td><pdf-tytul><a href=\"https:\/\/www.smvictoria.pl\/?wpfb_dl=2231\">Wymiana wodomierzy wody zimnej i ciep\u0142ej w zasobach Sp\u00f3\u0142dzielni<\/a><\/pdf-tytul><\/td>\r\n  <\/tr>\r\n<\/table>\n<table width=\"100%\" style=\"margin-bottom: 10px\">\r\n  <tr>\r\n    <td width=\"40\" style=\"vertical-align:top; padding-top: 3px;\"><img decoding=\"async\" src=\"https:\/\/www.smvictoria.pl\/wp-content\/uploads\/2015\/02\/pdf.png\" style=\"vertical-align:middle;\" \/><\/td>\r\n    <td><pdf-tytul><a href=\"https:\/\/www.smvictoria.pl\/?wpfb_dl=2230\">Wykonanie okresowego koszenia trawy wraz z zgrabieniem i wywozem z powierzchni ok 12 ha teren\u00f3w zielonych<\/a><\/pdf-tytul><\/td>\r\n  <\/tr>\r\n<\/table>\n<table width=\"100%\" style=\"margin-bottom: 10px\">\r\n  <tr>\r\n    <td width=\"40\" style=\"vertical-align:top; padding-top: 3px;\"><img decoding=\"async\" src=\"https:\/\/www.smvictoria.pl\/wp-content\/uploads\/2015\/02\/pdf.png\" style=\"vertical-align:middle;\" \/><\/td>\r\n    <td><pdf-tytul><a href=\"https:\/\/www.smvictoria.pl\/?wpfb_dl=2229\">Remont balkon\u00f3w os. Niepodleg\u0142o\u015bci 5, os. Ko\u015bciuszkowskie 10, 11 w Krakowie<\/a><\/pdf-tytul><\/td>\r\n  <\/tr>\r\n<\/table>\n<table width=\"100%\" style=\"margin-bottom: 10px\">\r\n  <tr>\r\n    <td width=\"40\" style=\"vertical-align:top; padding-top: 3px;\"><img decoding=\"async\" src=\"https:\/\/www.smvictoria.pl\/wp-content\/uploads\/2015\/02\/pdf.png\" style=\"vertical-align:middle;\" \/><\/td>\r\n    <td><pdf-tytul><a href=\"https:\/\/www.smvictoria.pl\/?wpfb_dl=2228\">Renowacja elewacji budynk\u00f3w os. Niepodleg\u0142o\u015bci 13,15,18, os. Sp\u00f3\u0142dzielcze 12, os. Alberty\u0144skie 17,34,35,37 w Krakowie<\/a><\/pdf-tytul><\/td>\r\n  <\/tr>\r\n<\/table>\n<\/div><\/div>\n<div class=\"su-spoiler su-spoiler-style-default su-spoiler-icon-folder-2 su-spoiler-closed\" data-scroll-offset=\"0\" data-anchor-in-url=\"no\"><div class=\"su-spoiler-title\" tabindex=\"0\" role=\"button\"><span class=\"su-spoiler-icon\"><\/span>Przetargi w 2023 roku<\/div><div class=\"su-spoiler-content su-u-clearfix su-u-trim\">\n<table width=\"100%\" style=\"margin-bottom: 10px\">\r\n  <tr>\r\n    <td width=\"40\" style=\"vertical-align:top; padding-top: 3px;\"><img decoding=\"async\" src=\"https:\/\/www.smvictoria.pl\/wp-content\/uploads\/2015\/02\/pdf.png\" style=\"vertical-align:middle;\" \/><\/td>\r\n    <td><pdf-tytul><a href=\"https:\/\/www.smvictoria.pl\/?wpfb_dl=2154\">SIWZ 04 - Wymiana Poziom\u00f3w Kanalizacyjnych os. Ko\u015bciuszkowskie 6 Kl. VI <\/a><\/pdf-tytul><\/td>\r\n  <\/tr>\r\n<\/table>\n<table width=\"100%\" style=\"margin-bottom: 10px\">\r\n  <tr>\r\n    <td width=\"40\" style=\"vertical-align:top; padding-top: 3px;\"><img decoding=\"async\" src=\"https:\/\/www.smvictoria.pl\/wp-content\/uploads\/2015\/02\/pdf.png\" style=\"vertical-align:middle;\" \/><\/td>\r\n    <td><pdf-tytul><a href=\"https:\/\/www.smvictoria.pl\/?wpfb_dl=2153\">SIWZ 03 - Monta\u017c Szlaban\u00f3w os. Alberty\u0144skie 17, 18, 19, 37, 38<\/a><\/pdf-tytul><\/td>\r\n  <\/tr>\r\n<\/table>\n<table width=\"100%\" style=\"margin-bottom: 10px\">\r\n  <tr>\r\n    <td width=\"40\" style=\"vertical-align:top; padding-top: 3px;\"><img decoding=\"async\" src=\"https:\/\/www.smvictoria.pl\/wp-content\/uploads\/2015\/02\/pdf.png\" style=\"vertical-align:middle;\" \/><\/td>\r\n    <td><pdf-tytul><a href=\"https:\/\/www.smvictoria.pl\/?wpfb_dl=2151\">SIWZ 02 - Wymiana Wodomierzy Centralnej Ciep\u0142ej Wody U\u017cytkowej w budynkach os. Alberty\u0144skie 30, 37, os. Niepodleg\u0142o\u015bci 5 (kl. VI \u2013 VII), 7, 9, 11, 14, 15, 16, 18, os. Sp\u00f3\u0142dzielcze 16<\/a><\/pdf-tytul><\/td>\r\n  <\/tr>\r\n<\/table>\n<table width=\"100%\" style=\"margin-bottom: 10px\">\r\n  <tr>\r\n    <td width=\"40\" style=\"vertical-align:top; padding-top: 3px;\"><img decoding=\"async\" src=\"https:\/\/www.smvictoria.pl\/wp-content\/uploads\/2015\/02\/pdf.png\" style=\"vertical-align:middle;\" \/><\/td>\r\n    <td><pdf-tytul><a href=\"https:\/\/www.smvictoria.pl\/?wpfb_dl=2150\">SIWZ 01 - Kompleksowe Ubezpieczenie Maj\u0105tku Trwa\u0142ego Oraz Odpowiedzialno\u015bci Cywilnej Sp\u00f3\u0142dzielni Mieszkaniowej \u201eVictoria\u201d w Krakowie na 2024 r.<\/a><\/pdf-tytul><\/td>\r\n  <\/tr>\r\n<\/table>\n<table width=\"100%\" style=\"margin-bottom: 10px\">\r\n  <tr>\r\n    <td width=\"40\" style=\"vertical-align:top; padding-top: 3px;\"><img decoding=\"async\" src=\"https:\/\/www.smvictoria.pl\/wp-content\/uploads\/2015\/02\/pdf.png\" style=\"vertical-align:middle;\" \/><\/td>\r\n    <td><pdf-tytul><a href=\"https:\/\/www.smvictoria.pl\/?wpfb_dl=2103\">SIWZ-06b-Wykonanie-i-montaz-wiaty-smietnikowej-i-wiaty-rowerowej-przy-budynku-os -Niepodleglosci-9<\/a><\/pdf-tytul><\/td>\r\n  <\/tr>\r\n<\/table>\n<table width=\"100%\" style=\"margin-bottom: 10px\">\r\n  <tr>\r\n    <td width=\"40\" style=\"vertical-align:top; padding-top: 3px;\"><img decoding=\"async\" src=\"https:\/\/www.smvictoria.pl\/wp-content\/uploads\/2015\/02\/pdf.png\" style=\"vertical-align:middle;\" \/><\/td>\r\n    <td><pdf-tytul><a href=\"https:\/\/www.smvictoria.pl\/?wpfb_dl=2102\">SIWZ-05b-Remont-wejsc-do-klatek-schodowych-oraz-remont-podestow-przed-wejsciami-do-klatek-budynku-os -Albertynskie-30<\/a><\/pdf-tytul><\/td>\r\n  <\/tr>\r\n<\/table>\n<table width=\"100%\" style=\"margin-bottom: 10px\">\r\n  <tr>\r\n    <td width=\"40\" style=\"vertical-align:top; padding-top: 3px;\"><img decoding=\"async\" src=\"https:\/\/www.smvictoria.pl\/wp-content\/uploads\/2015\/02\/pdf.png\" style=\"vertical-align:middle;\" \/><\/td>\r\n    <td><pdf-tytul><a href=\"https:\/\/www.smvictoria.pl\/?wpfb_dl=2101\">SIWZ-04b-Roboty-brukarskie-pod-wiaty-smietnikowa-i-rowerowa-przy-budynku-os -Niepodleglosci-9<\/a><\/pdf-tytul><\/td>\r\n  <\/tr>\r\n<\/table>\n<table width=\"100%\" style=\"margin-bottom: 10px\">\r\n  <tr>\r\n    <td width=\"40\" style=\"vertical-align:top; padding-top: 3px;\"><img decoding=\"async\" src=\"https:\/\/www.smvictoria.pl\/wp-content\/uploads\/2015\/02\/pdf.png\" style=\"vertical-align:middle;\" \/><\/td>\r\n    <td><pdf-tytul><a href=\"https:\/\/www.smvictoria.pl\/?wpfb_dl=2100\">SIWZ  06  Roboty Brukarskie Pod Wiaty \u015bmietnikow\u0105 I Rowerow\u0105 Przy Budynku Os  Niepodleg\u0142o\u015bci 9<\/a><\/pdf-tytul><\/td>\r\n  <\/tr>\r\n<\/table>\n<table width=\"100%\" style=\"margin-bottom: 10px\">\r\n  <tr>\r\n    <td width=\"40\" style=\"vertical-align:top; padding-top: 3px;\"><img decoding=\"async\" src=\"https:\/\/www.smvictoria.pl\/wp-content\/uploads\/2015\/02\/pdf.png\" style=\"vertical-align:middle;\" \/><\/td>\r\n    <td><pdf-tytul><a href=\"https:\/\/www.smvictoria.pl\/?wpfb_dl=2099\">SIWZ  05  Wykonanie I Monta\u017c Wiaty \u015bmietnikowej I Wiaty Rowerowej Przy Budynku Os  Niepodleg\u0142o\u015bci 9<\/a><\/pdf-tytul><\/td>\r\n  <\/tr>\r\n<\/table>\n<table width=\"100%\" style=\"margin-bottom: 10px\">\r\n  <tr>\r\n    <td width=\"40\" style=\"vertical-align:top; padding-top: 3px;\"><img decoding=\"async\" src=\"https:\/\/www.smvictoria.pl\/wp-content\/uploads\/2015\/02\/pdf.png\" style=\"vertical-align:middle;\" \/><\/td>\r\n    <td><pdf-tytul><a href=\"https:\/\/www.smvictoria.pl\/?wpfb_dl=2098\">SIWZ  04  Remont Wej\u015b\u0107 Do Klatek Schodowych Oraz Remont Podest\u00f3w Przed Wej\u015bciami Do Klatek Budynku Os  Alberty\u0144skie 30<\/a><\/pdf-tytul><\/td>\r\n  <\/tr>\r\n<\/table>\n<table width=\"100%\" style=\"margin-bottom: 10px\">\r\n  <tr>\r\n    <td width=\"40\" style=\"vertical-align:top; padding-top: 3px;\"><img decoding=\"async\" src=\"https:\/\/www.smvictoria.pl\/wp-content\/uploads\/2015\/02\/pdf.png\" style=\"vertical-align:middle;\" \/><\/td>\r\n    <td><pdf-tytul><a href=\"https:\/\/www.smvictoria.pl\/?wpfb_dl=2097\">SIWZ  03  Roboty Brukarskie Przy Budynku Os  Alberty\u0144skie 37 Oraz U\u0142o\u017cenie Asfaltobetonu Przy Budynku Os  Alberty\u0144skie 38<\/a><\/pdf-tytul><\/td>\r\n  <\/tr>\r\n<\/table>\n<table width=\"100%\" style=\"margin-bottom: 10px\">\r\n  <tr>\r\n    <td width=\"40\" style=\"vertical-align:top; padding-top: 3px;\"><img decoding=\"async\" src=\"https:\/\/www.smvictoria.pl\/wp-content\/uploads\/2015\/02\/pdf.png\" style=\"vertical-align:middle;\" \/><\/td>\r\n    <td><pdf-tytul><a href=\"https:\/\/www.smvictoria.pl\/?wpfb_dl=2096\">SIWZ  02  Wymiana Odwodnienia Liniowego Przy Bramach Gara\u017cowych Oraz Monta\u017c Nowego Odwodnienia Wzd\u0142u\u017c Kraw\u0119\u017cnika Ulicznego Przy Budynku Os  Alberty\u0144skie 20<\/a><\/pdf-tytul><\/td>\r\n  <\/tr>\r\n<\/table>\n<table width=\"100%\" style=\"margin-bottom: 10px\">\r\n  <tr>\r\n    <td width=\"40\" style=\"vertical-align:top; padding-top: 3px;\"><img decoding=\"async\" src=\"https:\/\/www.smvictoria.pl\/wp-content\/uploads\/2015\/02\/pdf.png\" style=\"vertical-align:middle;\" \/><\/td>\r\n    <td><pdf-tytul><a href=\"https:\/\/www.smvictoria.pl\/?wpfb_dl=2095\">SIWZ  01  Wymiana Odwodnienia Liniowego Przy Budynku Os  Kolorowe 11a<\/a><\/pdf-tytul><\/td>\r\n  <\/tr>\r\n<\/table>\n<table width=\"100%\" style=\"margin-bottom: 10px\">\r\n  <tr>\r\n    <td width=\"40\" style=\"vertical-align:top; padding-top: 3px;\"><img decoding=\"async\" src=\"https:\/\/www.smvictoria.pl\/wp-content\/uploads\/2015\/02\/pdf.png\" style=\"vertical-align:middle;\" \/><\/td>\r\n    <td><pdf-tytul><a href=\"https:\/\/www.smvictoria.pl\/?wpfb_dl=2040\">04-SIWZ-Malowanie klatki schodowej os. Ko\u015bciuszkowskie 5 -Pawilon.<\/a><\/pdf-tytul><\/td>\r\n  <\/tr>\r\n<\/table>\n<table width=\"100%\" style=\"margin-bottom: 10px\">\r\n  <tr>\r\n    <td width=\"40\" style=\"vertical-align:top; padding-top: 3px;\"><img decoding=\"async\" src=\"https:\/\/www.smvictoria.pl\/wp-content\/uploads\/2015\/02\/pdf.png\" style=\"vertical-align:middle;\" \/><\/td>\r\n    <td><pdf-tytul><a href=\"https:\/\/www.smvictoria.pl\/?wpfb_dl=2039\">03-SIWZ-Roboty brukarskie os. Ko\u015bciuszkowskie 11 - str. wsch bud.<\/a><\/pdf-tytul><\/td>\r\n  <\/tr>\r\n<\/table>\n<table width=\"100%\" style=\"margin-bottom: 10px\">\r\n  <tr>\r\n    <td width=\"40\" style=\"vertical-align:top; padding-top: 3px;\"><img decoding=\"async\" src=\"https:\/\/www.smvictoria.pl\/wp-content\/uploads\/2015\/02\/pdf.png\" style=\"vertical-align:middle;\" \/><\/td>\r\n    <td><pdf-tytul><a href=\"https:\/\/www.smvictoria.pl\/?wpfb_dl=2038\">02-SIWZ-Roboty brukarskie os. Ko\u015bciuszkowskie 5 -Pawilon, Plac Zabaw.<\/a><\/pdf-tytul><\/td>\r\n  <\/tr>\r\n<\/table>\n<table width=\"100%\" style=\"margin-bottom: 10px\">\r\n  <tr>\r\n    <td width=\"40\" style=\"vertical-align:top; padding-top: 3px;\"><img decoding=\"async\" src=\"https:\/\/www.smvictoria.pl\/wp-content\/uploads\/2015\/02\/pdf.png\" style=\"vertical-align:middle;\" \/><\/td>\r\n    <td><pdf-tytul><a href=\"https:\/\/www.smvictoria.pl\/?wpfb_dl=2037\">01-SIWZ-Remont balkon\u00f3w os. Ko\u015bciuszkowskie -10 I 11.<\/a><\/pdf-tytul><\/td>\r\n  <\/tr>\r\n<\/table>\n<\/div><\/div>\n","protected":false},"excerpt":{"rendered":"<p>Przetargi na portalu eGospodarka.pl<\/p>\n","protected":false},"author":1,"featured_media":0,"parent":0,"menu_order":5,"comment_status":"closed","ping_status":"closed","template":"","meta":{"ngg_post_thumbnail":0,"footnotes":""},"class_list":["post-271","page","type-page","status-publish","hentry"],"_links":{"self":[{"href":"https:\/\/www.smvictoria.pl\/index.php?rest_route=\/wp\/v2\/pages\/271","targetHints":{"allow":["GET"]}}],"collection":[{"href":"https:\/\/www.smvictoria.pl\/index.php?rest_route=\/wp\/v2\/pages"}],"about":[{"href":"https:\/\/www.smvictoria.pl\/index.php?rest_route=\/wp\/v2\/types\/page"}],"author":[{"embeddable":true,"href":"https:\/\/www.smvictoria.pl\/index.php?rest_route=\/wp\/v2\/users\/1"}],"replies":[{"embeddable":true,"href":"https:\/\/www.smvictoria.pl\/index.php?rest_route=%2Fwp%2Fv2%2Fcomments&post=271"}],"version-history":[{"count":16,"href":"https:\/\/www.smvictoria.pl\/index.php?rest_route=\/wp\/v2\/pages\/271\/revisions"}],"predecessor-version":[{"id":8280,"href":"https:\/\/www.smvictoria.pl\/index.php?rest_route=\/wp\/v2\/pages\/271\/revisions\/8280"}],"wp:attachment":[{"href":"https:\/\/www.smvictoria.pl\/index.php?rest_route=%2Fwp%2Fv2%2Fmedia&parent=271"}],"curies":[{"name":"wp","href":"https:\/\/api.w.org\/{rel}","templated":true}]}}